{"id":296,"date":"2024-09-02T08:38:38","date_gmt":"2024-09-02T06:38:38","guid":{"rendered":"https:\/\/www-mekonferanse.wp2.hcweb.dev\/?page_id=296"},"modified":"2025-04-22T14:43:53","modified_gmt":"2025-04-22T12:43:53","slug":"press","status":"publish","type":"page","link":"https:\/\/www.mekonferanse.no\/en\/presse\/","title":{"rendered":"For the media"},"content":{"rendered":"<h2 class=\"wp-block-heading has-fl-heading-text-color has-text-color has-link-color wp-elements-4847565b5bec8da223812e424891cfd7\">General information<\/h2>\n\n\n\n<p>The press is welcome to attend the conference. <\/p>\n\n\n\n<h3 class=\"wp-block-heading has-fl-accent-color has-text-color has-link-color wp-elements-620b446ce3e42bde7a7c0218763abc6d\">Contact persons<\/h3>\n\n\n\n<ul class=\"wp-block-list\">\n<li>Per Oddvar Navestad, project manager, +47 906 41 218&nbsp;<\/li>\n\n\n\n<li>Sissel Sunde, administrator\/patient, +47 992 98 022<\/li>\n<\/ul>\n\n\n\n<div style=\"height:9px\" aria-hidden=\"true\" class=\"wp-block-spacer\"><\/div>\n\n\n\n<h3 class=\"wp-block-heading has-fl-accent-color has-text-color has-link-color wp-elements-a53643215d122dfa5dc3ad4c827f616e\">Press release<\/h3>\n\n\n\n<p><strong>\"The Nordic region's largest conference on ME\/CFS and Long Covid will be held in Stavanger on 7 and 8 May 2025\"<\/strong><\/p>\n\n\n\n<p class=\"has-fl-heading-text-color has-text-color has-link-color wp-elements-79d585a7bdfb7dd7bc1c182c09a9df30\"><a href=\"https:\/\/www.mekonferanse.no\/wp-content\/uploads\/2025\/04\/Pressemelding-Nordens-storste-konferanse-om-MECFS-og-Long-Covid.pdf\">https:\/\/www.mekonferanse.no\/wp-content\/uploads\/2025\/04\/Pressemelding-Nordens-storste-konferanse-om-MECFS-og-Long-Covid.pdf<\/a><\/p>\n\n\n\n<p>Shared 22 April 2025.<\/p>\n\n\n\n<div style=\"height:9px\" aria-hidden=\"true\" class=\"wp-block-spacer\"><\/div>\n\n\n\n<h3 class=\"wp-block-heading has-fl-accent-color has-text-color has-link-color wp-elements-2ba72bb95f678d277564e706bbfd3eb2\">Timelines for ME\/CFS and Long Covid<\/h3>\n\n\n\n<p>Is the dam finally breaking for the field of post-infectious disease?<\/p>\n\n\n\n<h4 class=\"wp-block-heading\"><strong>ME\/CFS<\/strong><\/h4>\n\n\n\n<ul class=\"wp-block-list\">\n<li><strong>1800 <\/strong>- Descriptions of the disease<\/li>\n\n\n\n<li><strong>1956<\/strong> - The name ME is used for the first time<\/li>\n\n\n\n<li><strong>1969<\/strong> - World Health Organisation registers ME<\/li>\n\n\n\n<li><strong>1987<\/strong> - Norway's ME Association is founded<\/li>\n\n\n\n<li><strong>2015<\/strong> - 9,000 research articles on ME<\/li>\n<\/ul>\n\n\n\n<div style=\"height:6px\" aria-hidden=\"true\" class=\"wp-block-spacer\"><\/div>\n\n\n\n<h4 class=\"wp-block-heading\"><strong>Long Covid<\/strong><\/h4>\n\n\n\n<ul class=\"wp-block-list\">\n<li><strong>2019<\/strong> - The start of a global Covid-19 pandemic <\/li>\n\n\n\n<li><strong>2020<\/strong> - The name Long Covid is used for the first time<\/li>\n\n\n\n<li><strong>2022<\/strong> - World Health Organisation registers Long Covid&nbsp;<\/li>\n\n\n\n<li><strong>2022<\/strong>&nbsp;- Norwegian Covid Association is founded<\/li>\n\n\n\n<li><strong>2025<\/strong> - 18,000 research articles on Long Covid<\/li>\n<\/ul>\n\n\n\n<div style=\"height:9px\" aria-hidden=\"true\" class=\"wp-block-spacer\"><\/div>\n\n\n\n<h3 class=\"wp-block-heading has-fl-accent-color has-text-color has-link-color wp-elements-7e3f6a252ea67b3e85adcab0404f8874\">Recommended websites<\/h3>\n\n\n\n<ul class=\"wp-block-list\">\n<li class=\"has-fl-heading-text-color has-text-color has-link-color wp-elements-0d0fdc006d880eafcb750fe750bef710\"><a href=\"https:\/\/www.me-foreningen.no\/korte-fakta-om-me\/\">Norwegian ME Association \/ Brief facts about ME<\/a><\/li>\n\n\n\n<li class=\"has-fl-heading-text-color has-text-color has-link-color wp-elements-1e7ff3ba39c2bd4c14dd512362e26a58\"><a href=\"https:\/\/covidforeningen.no\/Om-long-covid\">Norwegian Covid Association \/ About Long Covid<\/a><\/li>\n\n\n\n<li class=\"has-fl-heading-text-color has-text-color has-link-color wp-elements-5954abc30c8f44cd8f9735c477e92765\"><a href=\"https:\/\/www.omf.ngo\/what-is-mecfs\/\">Open Medicine Foundation \/ What is ME\/CFS<\/a><\/li>\n\n\n\n<li class=\"has-fl-heading-text-color has-text-color has-link-color wp-elements-3a0885f917a20eacecbbca4b78ef8420\"><a href=\"https:\/\/www.omf.ngo\/what-is-long-covid\/\">Open Medicine Foundation \/ What is Long Covid<\/a><\/li>\n<\/ul>\n\n\n\n<div style=\"height:44px\" aria-hidden=\"true\" class=\"wp-block-spacer\"><\/div>\n\n\n<div class=\"wp-block-image\">\n<figure class=\"aligncenter size-large is-resized\"><img decoding=\"async\" width=\"1024\" height=\"576\" src=\"https:\/\/www.mekonferanse.no\/wp-content\/uploads\/2024\/09\/Nettside-Pressen-generell-info-1024x576.png\" alt=\"\" class=\"wp-image-783\" style=\"width:658px;height:auto\" srcset=\"https:\/\/www.mekonferanse.no\/wp-content\/uploads\/2024\/09\/Nettside-Pressen-generell-info-1024x576.png 1024w, https:\/\/www.mekonferanse.no\/wp-content\/uploads\/2024\/09\/Nettside-Pressen-generell-info-300x169.png 300w, https:\/\/www.mekonferanse.no\/wp-content\/uploads\/2024\/09\/Nettside-Pressen-generell-info-768x432.png 768w, https:\/\/www.mekonferanse.no\/wp-content\/uploads\/2024\/09\/Nettside-Pressen-generell-info-18x10.png 18w, https:\/\/www.mekonferanse.no\/wp-content\/uploads\/2024\/09\/Nettside-Pressen-generell-info.png 1200w\" sizes=\"(max-width: 1024px) 100vw, 1024px\" \/><\/figure>\n<\/div>","protected":false},"excerpt":{"rendered":"<p>General The press is welcome to attend the conference. Contacts Press release \"The Nordic region's largest conference on ME\/CFS and Long Covid will be held in Stavanger on 7 and 8 May 2025\" https:\/\/www.mekonferanse.no\/wp-content\/uploads\/2025\/04\/Pressemelding-Nordens-storste-konferanse-om-MECFS-og-Long-Covid.pdf Shared 22 April 2025. Timelines for ME\/CFS and Long Covid Is the dam finally breaking for the field of post-infectious disease? ME\/CFS Long Covid Recommended websites<\/p>","protected":false},"author":1,"featured_media":1133,"parent":0,"menu_order":0,"comment_status":"closed","ping_status":"closed","template":"","meta":{"footnotes":""},"class_list":["post-296","page","type-page","status-publish","has-post-thumbnail","hentry"],"yoast_head":"<!-- This site is optimized with the Yoast SEO plugin v27.2 - https:\/\/yoast.com\/product\/yoast-seo-wordpress\/ -->\n<title>Presse - ME Konferanse<\/title>\n<meta name=\"robots\" content=\"index, follow, max-snippet:-1, max-image-preview:large, max-video-preview:-1\" \/>\n<link rel=\"canonical\" href=\"https:\/\/www.mekonferanse.no\/en\/press\/\" \/>\n<meta property=\"og:locale\" content=\"en_GB\" \/>\n<meta property=\"og:type\" content=\"article\" \/>\n<meta property=\"og:title\" content=\"Presse - ME Konferanse\" \/>\n<meta property=\"og:description\" content=\"Generelt Pressen er velkommen til \u00e5 delta p\u00e5 konferansen. Kontaktpersoner Pressemelding &#8220;Nordens st\u00f8rste konferanse om ME\/CFS og Long Covid holdes i Stavanger 7. og 8. mai 2025&#8221; https:\/\/www.mekonferanse.no\/wp-content\/uploads\/2025\/04\/Pressemelding-Nordens-storste-konferanse-om-MECFS-og-Long-Covid.pdf Delt 22. april 2025. Tidslinjer for ME\/CFS og Long Covid Brister endelig demningen for fagfeltet post-infeksi\u00f8s sykdom? ME\/CFS Long Covid Anbefalte nettsider\" \/>\n<meta property=\"og:url\" content=\"https:\/\/www.mekonferanse.no\/en\/press\/\" \/>\n<meta property=\"og:site_name\" content=\"ME Konferanse\" \/>\n<meta property=\"article:modified_time\" content=\"2025-04-22T12:43:53+00:00\" \/>\n<meta property=\"og:image\" content=\"https:\/\/www.mekonferanse.no\/wp-content\/uploads\/2024\/09\/Nettside-Presse-folgebilde.png\" \/>\n\t<meta property=\"og:image:width\" content=\"1200\" \/>\n\t<meta property=\"og:image:height\" content=\"675\" \/>\n\t<meta property=\"og:image:type\" content=\"image\/png\" \/>\n<meta name=\"twitter:card\" content=\"summary_large_image\" \/>\n<meta name=\"twitter:label1\" content=\"Estimated reading time\" \/>\n\t<meta name=\"twitter:data1\" content=\"2 minutes\" \/>\n<script type=\"application\/ld+json\" class=\"yoast-schema-graph\">{\"@context\":\"https:\/\/schema.org\",\"@graph\":[{\"@type\":\"WebPage\",\"@id\":\"https:\/\/www.mekonferanse.no\/presse\/\",\"url\":\"https:\/\/www.mekonferanse.no\/presse\/\",\"name\":\"Presse - ME Konferanse\",\"isPartOf\":{\"@id\":\"https:\/\/www.mekonferanse.no\/#website\"},\"primaryImageOfPage\":{\"@id\":\"https:\/\/www.mekonferanse.no\/presse\/#primaryimage\"},\"image\":{\"@id\":\"https:\/\/www.mekonferanse.no\/presse\/#primaryimage\"},\"thumbnailUrl\":\"https:\/\/www.mekonferanse.no\/wp-content\/uploads\/2024\/09\/Nettside-Presse-folgebilde.png\",\"datePublished\":\"2024-09-02T06:38:38+00:00\",\"dateModified\":\"2025-04-22T12:43:53+00:00\",\"breadcrumb\":{\"@id\":\"https:\/\/www.mekonferanse.no\/presse\/#breadcrumb\"},\"inLanguage\":\"en-GB\",\"potentialAction\":[{\"@type\":\"ReadAction\",\"target\":[\"https:\/\/www.mekonferanse.no\/presse\/\"]}]},{\"@type\":\"ImageObject\",\"inLanguage\":\"en-GB\",\"@id\":\"https:\/\/www.mekonferanse.no\/presse\/#primaryimage\",\"url\":\"https:\/\/www.mekonferanse.no\/wp-content\/uploads\/2024\/09\/Nettside-Presse-folgebilde.png\",\"contentUrl\":\"https:\/\/www.mekonferanse.no\/wp-content\/uploads\/2024\/09\/Nettside-Presse-folgebilde.png\",\"width\":1200,\"height\":675},{\"@type\":\"BreadcrumbList\",\"@id\":\"https:\/\/www.mekonferanse.no\/presse\/#breadcrumb\",\"itemListElement\":[{\"@type\":\"ListItem\",\"position\":1,\"name\":\"Hjem\",\"item\":\"https:\/\/www.mekonferanse.no\/\"},{\"@type\":\"ListItem\",\"position\":2,\"name\":\"Presse\"}]},{\"@type\":\"WebSite\",\"@id\":\"https:\/\/www.mekonferanse.no\/#website\",\"url\":\"https:\/\/www.mekonferanse.no\/\",\"name\":\"ME Konferanse\",\"description\":\"7.-8. mai 2025\",\"publisher\":{\"@id\":\"https:\/\/www.mekonferanse.no\/#organization\"},\"potentialAction\":[{\"@type\":\"SearchAction\",\"target\":{\"@type\":\"EntryPoint\",\"urlTemplate\":\"https:\/\/www.mekonferanse.no\/?s={search_term_string}\"},\"query-input\":{\"@type\":\"PropertyValueSpecification\",\"valueRequired\":true,\"valueName\":\"search_term_string\"}}],\"inLanguage\":\"en-GB\"},{\"@type\":\"Organization\",\"@id\":\"https:\/\/www.mekonferanse.no\/#organization\",\"name\":\"ME Konferanse\",\"url\":\"https:\/\/www.mekonferanse.no\/\",\"logo\":{\"@type\":\"ImageObject\",\"inLanguage\":\"en-GB\",\"@id\":\"https:\/\/www.mekonferanse.no\/#\/schema\/logo\/image\/\",\"url\":\"https:\/\/www.mekonferanse.no\/wp-content\/uploads\/2020\/02\/logo-.svg\",\"contentUrl\":\"https:\/\/www.mekonferanse.no\/wp-content\/uploads\/2020\/02\/logo-.svg\",\"width\":1,\"height\":1,\"caption\":\"ME Konferanse\"},\"image\":{\"@id\":\"https:\/\/www.mekonferanse.no\/#\/schema\/logo\/image\/\"}}]}<\/script>\n<!-- \/ Yoast SEO plugin. -->","yoast_head_json":{"title":"Press - ME Conference","robots":{"index":"index","follow":"follow","max-snippet":"max-snippet:-1","max-image-preview":"max-image-preview:large","max-video-preview":"max-video-preview:-1"},"canonical":"https:\/\/www.mekonferanse.no\/en\/press\/","og_locale":"en_GB","og_type":"article","og_title":"Presse - ME Konferanse","og_description":"Generelt Pressen er velkommen til \u00e5 delta p\u00e5 konferansen. Kontaktpersoner Pressemelding &#8220;Nordens st\u00f8rste konferanse om ME\/CFS og Long Covid holdes i Stavanger 7. og 8. mai 2025&#8221; https:\/\/www.mekonferanse.no\/wp-content\/uploads\/2025\/04\/Pressemelding-Nordens-storste-konferanse-om-MECFS-og-Long-Covid.pdf Delt 22. april 2025. Tidslinjer for ME\/CFS og Long Covid Brister endelig demningen for fagfeltet post-infeksi\u00f8s sykdom? ME\/CFS Long Covid Anbefalte nettsider","og_url":"https:\/\/www.mekonferanse.no\/en\/press\/","og_site_name":"ME Konferanse","article_modified_time":"2025-04-22T12:43:53+00:00","og_image":[{"width":1200,"height":675,"url":"https:\/\/www.mekonferanse.no\/wp-content\/uploads\/2024\/09\/Nettside-Presse-folgebilde.png","type":"image\/png"}],"twitter_card":"summary_large_image","twitter_misc":{"Estimated reading time":"2 minutes"},"schema":{"@context":"https:\/\/schema.org","@graph":[{"@type":"WebPage","@id":"https:\/\/www.mekonferanse.no\/presse\/","url":"https:\/\/www.mekonferanse.no\/presse\/","name":"Press - ME Conference","isPartOf":{"@id":"https:\/\/www.mekonferanse.no\/#website"},"primaryImageOfPage":{"@id":"https:\/\/www.mekonferanse.no\/presse\/#primaryimage"},"image":{"@id":"https:\/\/www.mekonferanse.no\/presse\/#primaryimage"},"thumbnailUrl":"https:\/\/www.mekonferanse.no\/wp-content\/uploads\/2024\/09\/Nettside-Presse-folgebilde.png","datePublished":"2024-09-02T06:38:38+00:00","dateModified":"2025-04-22T12:43:53+00:00","breadcrumb":{"@id":"https:\/\/www.mekonferanse.no\/presse\/#breadcrumb"},"inLanguage":"en-GB","potentialAction":[{"@type":"ReadAction","target":["https:\/\/www.mekonferanse.no\/presse\/"]}]},{"@type":"ImageObject","inLanguage":"en-GB","@id":"https:\/\/www.mekonferanse.no\/presse\/#primaryimage","url":"https:\/\/www.mekonferanse.no\/wp-content\/uploads\/2024\/09\/Nettside-Presse-folgebilde.png","contentUrl":"https:\/\/www.mekonferanse.no\/wp-content\/uploads\/2024\/09\/Nettside-Presse-folgebilde.png","width":1200,"height":675},{"@type":"BreadcrumbList","@id":"https:\/\/www.mekonferanse.no\/presse\/#breadcrumb","itemListElement":[{"@type":"ListItem","position":1,"name":"Hjem","item":"https:\/\/www.mekonferanse.no\/"},{"@type":"ListItem","position":2,"name":"Presse"}]},{"@type":"WebSite","@id":"https:\/\/www.mekonferanse.no\/#website","url":"https:\/\/www.mekonferanse.no\/","name":"ME Conference","description":"7-8 May 2025","publisher":{"@id":"https:\/\/www.mekonferanse.no\/#organization"},"potentialAction":[{"@type":"SearchAction","target":{"@type":"EntryPoint","urlTemplate":"https:\/\/www.mekonferanse.no\/?s={search_term_string}"},"query-input":{"@type":"PropertyValueSpecification","valueRequired":true,"valueName":"search_term_string"}}],"inLanguage":"en-GB"},{"@type":"Organization","@id":"https:\/\/www.mekonferanse.no\/#organization","name":"ME Conference","url":"https:\/\/www.mekonferanse.no\/","logo":{"@type":"ImageObject","inLanguage":"en-GB","@id":"https:\/\/www.mekonferanse.no\/#\/schema\/logo\/image\/","url":"https:\/\/www.mekonferanse.no\/wp-content\/uploads\/2020\/02\/logo-.svg","contentUrl":"https:\/\/www.mekonferanse.no\/wp-content\/uploads\/2020\/02\/logo-.svg","width":1,"height":1,"caption":"ME Konferanse"},"image":{"@id":"https:\/\/www.mekonferanse.no\/#\/schema\/logo\/image\/"}}]}},"_links":{"self":[{"href":"https:\/\/www.mekonferanse.no\/en\/wp-json\/wp\/v2\/pages\/296","targetHints":{"allow":["GET"]}}],"collection":[{"href":"https:\/\/www.mekonferanse.no\/en\/wp-json\/wp\/v2\/pages"}],"about":[{"href":"https:\/\/www.mekonferanse.no\/en\/wp-json\/wp\/v2\/types\/page"}],"author":[{"embeddable":true,"href":"https:\/\/www.mekonferanse.no\/en\/wp-json\/wp\/v2\/users\/1"}],"replies":[{"embeddable":true,"href":"https:\/\/www.mekonferanse.no\/en\/wp-json\/wp\/v2\/comments?post=296"}],"version-history":[{"count":20,"href":"https:\/\/www.mekonferanse.no\/en\/wp-json\/wp\/v2\/pages\/296\/revisions"}],"predecessor-version":[{"id":1241,"href":"https:\/\/www.mekonferanse.no\/en\/wp-json\/wp\/v2\/pages\/296\/revisions\/1241"}],"wp:featuredmedia":[{"embeddable":true,"href":"https:\/\/www.mekonferanse.no\/en\/wp-json\/wp\/v2\/media\/1133"}],"wp:attachment":[{"href":"https:\/\/www.mekonferanse.no\/en\/wp-json\/wp\/v2\/media?parent=296"}],"curies":[{"name":"wp","href":"https:\/\/api.w.org\/{rel}","templated":true}]}}